{"id":292,"date":"2015-08-04T16:36:55","date_gmt":"2015-08-04T14:36:55","guid":{"rendered":"http:\/\/www.hotelgeerts.be\/?page_id=292"},"modified":"2015-08-04T17:01:05","modified_gmt":"2015-08-04T15:01:05","slug":"affaires","status":"publish","type":"page","link":"https:\/\/www.hotelgeerts.be\/fr\/affaires\/","title":{"rendered":"Affaires"},"content":{"rendered":"<p>L\u2019H\u00f4tel Geerts constitue le cadre id\u00e9al et empreint de classe o\u00f9 accueillir vos relations d\u2019affaires pour un s\u00e9minaire ou une pr\u00e9sentation. La salle de s\u00e9minaires bien \u00e9quip\u00e9e, la cuisine raffin\u00e9e et les chambres d\u2019h\u00f4tel luxueuses se porteront assur\u00e9ment garantes de la r\u00e9ussite de votre r\u00e9union de travail.<\/p>\n","protected":false},"excerpt":{"rendered":"<p>L\u2019H\u00f4tel Geerts constitue le cadre id\u00e9al et empreint de classe<span class=\"readmore\">&#8230;<\/span><\/p>\n","protected":false},"author":1,"featured_media":272,"parent":0,"menu_order":6,"comment_status":"closed","ping_status":"closed","template":"","meta":{"ngg_post_thumbnail":0,"footnotes":""},"class_list":["post-292","page","type-page","status-publish","has-post-thumbnail","hentry"],"_links":{"self":[{"href":"https:\/\/www.hotelgeerts.be\/fr\/wp-json\/wp\/v2\/pages\/292","targetHints":{"allow":["GET"]}}],"collection":[{"href":"https:\/\/www.hotelgeerts.be\/fr\/wp-json\/wp\/v2\/pages"}],"about":[{"href":"https:\/\/www.hotelgeerts.be\/fr\/wp-json\/wp\/v2\/types\/page"}],"author":[{"embeddable":true,"href":"https:\/\/www.hotelgeerts.be\/fr\/wp-json\/wp\/v2\/users\/1"}],"replies":[{"embeddable":true,"href":"https:\/\/www.hotelgeerts.be\/fr\/wp-json\/wp\/v2\/comments?post=292"}],"version-history":[{"count":1,"href":"https:\/\/www.hotelgeerts.be\/fr\/wp-json\/wp\/v2\/pages\/292\/revisions"}],"predecessor-version":[{"id":293,"href":"https:\/\/www.hotelgeerts.be\/fr\/wp-json\/wp\/v2\/pages\/292\/revisions\/293"}],"wp:featuredmedia":[{"embeddable":true,"href":"https:\/\/www.hotelgeerts.be\/fr\/wp-json\/wp\/v2\/media\/272"}],"wp:attachment":[{"href":"https:\/\/www.hotelgeerts.be\/fr\/wp-json\/wp\/v2\/media?parent=292"}],"curies":[{"name":"wp","href":"https:\/\/api.w.org\/{rel}","templated":true}]}}